{"id":7584,"date":"2020-11-03T11:33:24","date_gmt":"2020-11-03T11:33:24","guid":{"rendered":"https:\/\/gaelle-cueff-art.com\/?page_id=7584"},"modified":"2026-04-08T17:37:18","modified_gmt":"2026-04-08T15:37:18","slug":"gaelle-cueff","status":"publish","type":"page","link":"https:\/\/gaelle-cueff-art.com\/en\/gaelle-cueff\/","title":{"rendered":"Ga\u00eblle Cueff"},"content":{"rendered":"<p>[et_pb_section fb_built=&#8221;1&#8243; _builder_version=&#8221;4.16&#8243; _module_preset=&#8221;default&#8221; global_colors_info=&#8221;{}&#8221;][et_pb_row column_structure=&#8221;1_4,3_4&#8243; _builder_version=&#8221;4.16&#8243; _module_preset=&#8221;default&#8221; width=&#8221;100%&#8221; max_width=&#8221;2560px&#8221; global_colors_info=&#8221;{}&#8221;][et_pb_column type=&#8221;1_4&#8243; _builder_version=&#8221;4.16&#8243; _module_preset=&#8221;default&#8221; global_colors_info=&#8221;{}&#8221;][et_pb_image src=&#8221;https:\/\/gaelle-cueff-art.com\/wp-content\/uploads\/2022\/03\/moi-25-03-22-recadre\u0301-scaled.jpg&#8221; title_text=&#8221;moi 25-03-22 recadre\u0301&#8221; _builder_version=&#8221;4.16&#8243; _module_preset=&#8221;default&#8221; custom_margin=&#8221;|||11px|false|false&#8221; global_colors_info=&#8221;{}&#8221;][\/et_pb_image][\/et_pb_column][et_pb_column type=&#8221;3_4&#8243; _builder_version=&#8221;4.16&#8243; _module_preset=&#8221;default&#8221; global_colors_info=&#8221;{}&#8221;][et_pb_text _builder_version=&#8221;4.16&#8243; _module_preset=&#8221;default&#8221; global_colors_info=&#8221;{}&#8221;]<\/p>\n<div class=\"page\" title=\"Page 2\">\n<div class=\"section\">\n<div class=\"layoutArea\">\n<div class=\"column\">\n<div class=\"page\" title=\"Page 2\">\n<div class=\"section\">\n<div class=\"layoutArea\">\n<div class=\"column\">\n<p><span style=\"font-size: 14px;\">Ga\u00eblle Cueff vit et travaille \u00e0 Paris. Son travail artistique, souvent ancr\u00e9 dans la photographie, se d\u00e9ploie dans des m\u00e9diums vari\u00e9s \u2014 encaustique, collage, photographie peinte, sculptures \u00e0 partir d\u2019os animaux dans l\u2019esprit des cabinets de curiosit\u00e9s, bo\u00eetes lumineuses. Il s\u2019organise en s\u00e9ries autour de th\u00e9matiques r\u00e9currentes telles que la nature, la m\u00e9moire, la trace, les racines, l\u2019imaginaire et l\u2019hybridation, et s\u2019incarne dans des proc\u00e9d\u00e9s plastiques comme la transparence, la superposition, le d\u00e9calage, le recouvrement et la s\u00e9dimentation.<\/span><\/p>\n<div class=\"relative flex min-h-0 w-full flex-1\">\n<div class=\"@container\/main relative flex min-w-0 flex-1 flex-col -translate-y-[calc(env(safe-area-inset-bottom,0px)\/2)] pt-[calc(env(safe-area-inset-bottom,0px)\/2)]\">\n<div data-scroll-root=\"\" class=\"@w-sm\/main:[scrollbar-gutter:var(--stage-scroll-gutter)] touch:[scrollbar-width:none] group\/scroll-root relative flex min-h-0 min-w-0 flex-1 flex-col [scrollbar-gutter:stable] not-print:overflow-x-clip not-print:overflow-y-auto group-data-stream-active\/scroll-root:[overflow-anchor:none] scroll-pt-(--header-height) [--sticky-padding-top:var(--header-height)] [--sticky-padding-bottom:0px] [--scroll-root-safe-area-inset-top:calc(var(--sticky-padding-top)+env(safe-area-inset-top,0px))] [--scroll-root-safe-area-inset-bottom:calc(var(--sticky-padding-bottom)+var(--screen-keyboard-height,0px)+env(safe-area-inset-bottom,0px))] [--scroll-root-safe-area-height:calc(100lvh-var(--scroll-root-safe-area-inset-top)-var(--scroll-root-safe-area-inset-bottom))] has-data-[fixed-header=less-than-xl]:@w-xl\/main:scroll-pt-0 has-data-[fixed-header=less-than-xl]:@w-xl\/main:[--sticky-padding-top:0px] has-data-[fixed-header=less-than-xxl]:@w-2xl\/main:scroll-pt-0 has-data-[fixed-header=less-than-xxl]:@w-2xl\/main:[--sticky-padding-top:0px]\" data-scroll-from-top=\"\"><main class=\"min-h-0 flex-1\" id=\"main\" z-index=\"-1\"><\/p>\n<div id=\"thread\" class=\"group\/thread flex flex-col min-h-full\">\n<div role=\"presentation\" class=\"composer-parent flex flex-1 flex-col focus-visible:outline-0\">\n<div class=\"relative basis-auto flex-col -mb-(--composer-overlap-px) pb-(--composer-overlap-px) [--composer-overlap-px:28px] grow flex\">\n<div class=\"flex flex-col text-sm pb-25\">\n<section class=\"text-token-text-primary w-full focus:outline-none [--shadow-height:45px] has-data-writing-block:pointer-events-none has-data-writing-block:-mt-(--shadow-height) has-data-writing-block:pt-(--shadow-height) [&amp;:has([data-writing-block])&gt;*]:pointer-events-auto scroll-mt-[calc(var(--header-height)+min(200px,max(70px,20svh)))]\" dir=\"auto\" data-turn-id=\"request-69930d93-1a74-832b-a336-246e8922a8b3-16\" data-testid=\"conversation-turn-32\" data-scroll-anchor=\"true\" data-turn=\"assistant\">\n<div class=\"text-base my-auto mx-auto pb-10 [--thread-content-margin:var(--thread-content-margin-xs,calc(var(--spacing)*4))] @w-sm\/main:[--thread-content-margin:var(--thread-content-margin-sm,calc(var(--spacing)*6))] @w-lg\/main:[--thread-content-margin:var(--thread-content-margin-lg,calc(var(--spacing)*16))] px-(--thread-content-margin)\">\n<div class=\"[--thread-content-max-width:40rem] @w-lg\/main:[--thread-content-max-width:48rem] mx-auto max-w-(--thread-content-max-width) flex-1 group\/turn-messages focus-visible:outline-hidden relative flex w-full min-w-0 flex-col agent-turn\">\n<div class=\"flex max-w-full flex-col gap-4 grow\">\n<div data-message-author-role=\"assistant\" data-message-id=\"465fadcb-f14b-4f56-aba2-472f941593e3\" dir=\"auto\" data-message-model-slug=\"gpt-5-3\" class=\"min-h-8 text-message relative flex w-full flex-col items-end gap-2 text-start break-words whitespace-normal outline-none keyboard-focused:focus-ring [.text-message+&amp;]:mt-1\" data-turn-start-message=\"true\" tabindex=\"0\">\n<div class=\"flex w-full flex-col gap-1 empty:hidden\">\n<div class=\"markdown prose dark:prose-invert w-full wrap-break-word light markdown-new-styling\">\n<p data-start=\"660\" data-end=\"1025\">Sa pratique actuelle se concentre principalement sur l\u2019encaustique, o\u00f9 photographie, interventions graphiques et pigments se m\u00ealent \u00e0 la cire d\u2019abeille. La plasticit\u00e9 et la transparence soyeuse de ce m\u00e9dium nourrissent une recherche exp\u00e9rimentale constante, \u00e0 la crois\u00e9e de la peinture et de la photographie, entre captation du r\u00e9el et transformation plastique.<\/p>\n<p data-start=\"1027\" data-end=\"1779\">Apr\u00e8s une adolescence pass\u00e9e dans les C\u00e9vennes, Ga\u00eblle Cueff entreprend \u00e0 Paris des \u00e9tudes de philosophie \u00e0 l\u2019\u00c9cole normale sup\u00e9rieure, qu\u2019elle compl\u00e8te par une formation en communication au CELSA. Tout en d\u00e9veloppant en parall\u00e8le une pratique artistique, elle s\u2019engage dans une carri\u00e8re consacr\u00e9e \u00e0 la promotion d\u2019institutions culturelles, d\u2019\u00e9diteurs d\u2019art et d\u2019artistes. Elle travaille notamment au Mus\u00e9e d\u2019Orsay, puis, \u00e0 partir de 2002, en tant qu\u2019ind\u00e9pendante pour les \u00e9ditions Taschen ainsi que pour le salon international Parcours des mondes, qui l\u2019ouvre \u00e0 l\u2019univers des arts extra-europ\u00e9ens, en particulier africains. Apr\u00e8s vingt-cinq ann\u00e9es dans la communication culturelle, elle choisit de se consacrer pleinement \u00e0 sa pratique artistique.<\/p>\n<p data-start=\"1781\" data-end=\"2029\">En 2018, laur\u00e9ate d\u2019un concours organis\u00e9 par le magazine <em data-start=\"1840\" data-end=\"1847\">Photo<\/em> et Swatch, elle est accueillie en r\u00e9sidence pendant cinq mois au Swatch Art Peace Hotel \u00e0 Shanghai. Elle participe depuis r\u00e9guli\u00e8rement \u00e0 des expositions en France et en Belgique.<\/p>\n<p data-start=\"2031\" data-end=\"2556\">En 2023, elle expose notamment \u00e0 l\u2019H\u00f4tel Solvay \u00e0 Bruxelles \u00e0 l\u2019invitation de Maison Parisienne, ainsi qu\u2019\u00e0 deux reprises dans les vitrines d\u2019Artcurial. La galerie Fran\u00e7oise Livinec la pr\u00e9sente la m\u00eame ann\u00e9e sur son stand \u00e0 Art Paris Art Fair (Grand Palais \u00c9ph\u00e9m\u00e8re), \u00e0 l\u2019\u00c9cole des filles (Huelgoat), \u00e0 Art on Paper (Bruxelles, Tour &amp; Taxis), \u00e0 Luxembourg Art Week, \u00e0 FAB Paris (Grand Palais \u00c9ph\u00e9m\u00e8re), ainsi que dans le cadre de son exposition personnelle <em data-start=\"2490\" data-end=\"2515\">Troubler les fronti\u00e8res<\/em> (Paris, d\u00e9cembre 2023 \u2013 janvier 2024).<\/p>\n<\/div>\n<\/div>\n<\/div>\n<\/div>\n<\/div>\n<\/div>\n<\/section>\n<\/div>\n<\/div>\n<\/div>\n<\/div>\n<p><\/main><\/div>\n<\/div>\n<\/div>\n<p>&nbsp;<\/p>\n<\/div>\n<\/div>\n<\/div>\n<\/div>\n<\/div>\n<\/div>\n<\/div>\n<\/div>\n<p>[\/et_pb_text][\/et_pb_column][\/et_pb_row][\/et_pb_section][et_pb_section fb_built=&#8221;1&#8243; _builder_version=&#8221;4.16&#8243; _module_preset=&#8221;default&#8221; global_colors_info=&#8221;{}&#8221;][et_pb_row _builder_version=&#8221;4.16&#8243; _module_preset=&#8221;default&#8221; global_colors_info=&#8221;{}&#8221;][et_pb_column type=&#8221;4_4&#8243; _builder_version=&#8221;4.16&#8243; _module_preset=&#8221;default&#8221; global_colors_info=&#8221;{}&#8221;][et_pb_image _builder_version=&#8221;4.16&#8243; _module_preset=&#8221;default&#8221; global_colors_info=&#8221;{}&#8221;][\/et_pb_image][\/et_pb_column][\/et_pb_row][\/et_pb_section][et_pb_section fb_built=&#8221;1&#8243; _builder_version=&#8221;4.16&#8243; _module_preset=&#8221;default&#8221; global_colors_info=&#8221;{}&#8221;][\/et_pb_section]<\/p>\n","protected":false},"excerpt":{"rendered":"<p>Ga\u00eblle Cueff vit et travaille \u00e0 Paris. Son travail artistique, souvent ancr\u00e9 dans la photographie, se d\u00e9ploie dans des m\u00e9diums vari\u00e9s \u2014 encaustique, collage, photographie peinte, sculptures \u00e0 partir d\u2019os animaux dans l\u2019esprit des cabinets de curiosit\u00e9s, bo\u00eetes lumineuses. Il s\u2019organise en s\u00e9ries autour de th\u00e9matiques r\u00e9currentes telles que la nature, la m\u00e9moire, la trace, [&hellip;]<\/p>\n","protected":false},"author":208,"featured_media":0,"parent":0,"menu_order":0,"comment_status":"closed","ping_status":"closed","template":"","meta":{"_et_pb_use_builder":"on","_et_pb_old_content":"","_et_gb_content_width":"","om_disable_all_campaigns":false,"_monsterinsights_skip_tracking":false,"_monsterinsights_sitenote_active":false,"_monsterinsights_sitenote_note":"","_monsterinsights_sitenote_category":0,"_uf_show_specific_survey":0,"_uf_disable_surveys":false,"jetpack_post_was_ever_published":false,"footnotes":""},"class_list":["post-7584","page","type-page","status-publish","hentry"],"aioseo_notices":[],"yoast_head":"<!-- This site is optimized with the Yoast SEO plugin v27.0 - https:\/\/yoast.com\/product\/yoast-seo-wordpress\/ -->\n<title>Ga\u00eblle Cueff - Ga\u00eblle Cueff Art<\/title>\n<meta name=\"robots\" content=\"index, follow, max-snippet:-1, max-image-preview:large, max-video-preview:-1\" \/>\n<link rel=\"canonical\" href=\"https:\/\/gaelle-cueff-art.com\/gaelle-cueff\/\" \/>\n<meta property=\"og:locale\" content=\"en_US\" \/>\n<meta property=\"og:type\" content=\"article\" \/>\n<meta property=\"og:title\" content=\"Ga\u00eblle Cueff - Ga\u00eblle Cueff Art\" \/>\n<meta property=\"og:description\" content=\"Ga\u00eblle Cueff vit et travaille \u00e0 Paris. Son travail artistique, souvent ancr\u00e9 dans la photographie, se d\u00e9ploie dans des m\u00e9diums vari\u00e9s \u2014 encaustique, collage, photographie peinte, sculptures \u00e0 partir d\u2019os animaux dans l\u2019esprit des cabinets de curiosit\u00e9s, bo\u00eetes lumineuses. Il s\u2019organise en s\u00e9ries autour de th\u00e9matiques r\u00e9currentes telles que la nature, la m\u00e9moire, la trace, [&hellip;]\" \/>\n<meta property=\"og:url\" content=\"https:\/\/gaelle-cueff-art.com\/gaelle-cueff\/\" \/>\n<meta property=\"og:site_name\" content=\"Ga\u00eblle Cueff Art\" \/>\n<meta property=\"article:modified_time\" content=\"2026-04-08T15:37:18+00:00\" \/>\n<meta name=\"twitter:card\" content=\"summary_large_image\" \/>\n<meta name=\"twitter:label1\" content=\"Est. reading time\" \/>\n\t<meta name=\"twitter:data1\" content=\"3 minutes\" \/>\n<script type=\"application\/ld+json\" class=\"yoast-schema-graph\">{\"@context\":\"https:\/\/schema.org\",\"@graph\":[{\"@type\":\"WebPage\",\"@id\":\"https:\/\/gaelle-cueff-art.com\/gaelle-cueff\/\",\"url\":\"https:\/\/gaelle-cueff-art.com\/gaelle-cueff\/\",\"name\":\"Ga\u00eblle Cueff - Ga\u00eblle Cueff Art\",\"isPartOf\":{\"@id\":\"https:\/\/gaelle-cueff-art.com\/#website\"},\"datePublished\":\"2020-11-03T11:33:24+00:00\",\"dateModified\":\"2026-04-08T15:37:18+00:00\",\"breadcrumb\":{\"@id\":\"https:\/\/gaelle-cueff-art.com\/gaelle-cueff\/#breadcrumb\"},\"inLanguage\":\"en-US\",\"potentialAction\":[{\"@type\":\"ReadAction\",\"target\":[\"https:\/\/gaelle-cueff-art.com\/gaelle-cueff\/\"]}]},{\"@type\":\"BreadcrumbList\",\"@id\":\"https:\/\/gaelle-cueff-art.com\/gaelle-cueff\/#breadcrumb\",\"itemListElement\":[{\"@type\":\"ListItem\",\"position\":1,\"name\":\"Home\",\"item\":\"https:\/\/gaelle-cueff-art.com\/\"},{\"@type\":\"ListItem\",\"position\":2,\"name\":\"Ga\u00eblle Cueff\"}]},{\"@type\":\"WebSite\",\"@id\":\"https:\/\/gaelle-cueff-art.com\/#website\",\"url\":\"https:\/\/gaelle-cueff-art.com\/\",\"name\":\"Ga\u00eblle Cueff Art\",\"description\":\"\",\"potentialAction\":[{\"@type\":\"SearchAction\",\"target\":{\"@type\":\"EntryPoint\",\"urlTemplate\":\"https:\/\/gaelle-cueff-art.com\/?s={search_term_string}\"},\"query-input\":{\"@type\":\"PropertyValueSpecification\",\"valueRequired\":true,\"valueName\":\"search_term_string\"}}],\"inLanguage\":\"en-US\"}]}<\/script>\n<!-- \/ Yoast SEO plugin. -->","yoast_head_json":{"title":"Ga\u00eblle Cueff - Ga\u00eblle Cueff Art","robots":{"index":"index","follow":"follow","max-snippet":"max-snippet:-1","max-image-preview":"max-image-preview:large","max-video-preview":"max-video-preview:-1"},"canonical":"https:\/\/gaelle-cueff-art.com\/gaelle-cueff\/","og_locale":"en_US","og_type":"article","og_title":"Ga\u00eblle Cueff - Ga\u00eblle Cueff Art","og_description":"Ga\u00eblle Cueff vit et travaille \u00e0 Paris. Son travail artistique, souvent ancr\u00e9 dans la photographie, se d\u00e9ploie dans des m\u00e9diums vari\u00e9s \u2014 encaustique, collage, photographie peinte, sculptures \u00e0 partir d\u2019os animaux dans l\u2019esprit des cabinets de curiosit\u00e9s, bo\u00eetes lumineuses. Il s\u2019organise en s\u00e9ries autour de th\u00e9matiques r\u00e9currentes telles que la nature, la m\u00e9moire, la trace, [&hellip;]","og_url":"https:\/\/gaelle-cueff-art.com\/gaelle-cueff\/","og_site_name":"Ga\u00eblle Cueff Art","article_modified_time":"2026-04-08T15:37:18+00:00","twitter_card":"summary_large_image","twitter_misc":{"Est. reading time":"3 minutes"},"schema":{"@context":"https:\/\/schema.org","@graph":[{"@type":"WebPage","@id":"https:\/\/gaelle-cueff-art.com\/gaelle-cueff\/","url":"https:\/\/gaelle-cueff-art.com\/gaelle-cueff\/","name":"Ga\u00eblle Cueff - Ga\u00eblle Cueff Art","isPartOf":{"@id":"https:\/\/gaelle-cueff-art.com\/#website"},"datePublished":"2020-11-03T11:33:24+00:00","dateModified":"2026-04-08T15:37:18+00:00","breadcrumb":{"@id":"https:\/\/gaelle-cueff-art.com\/gaelle-cueff\/#breadcrumb"},"inLanguage":"en-US","potentialAction":[{"@type":"ReadAction","target":["https:\/\/gaelle-cueff-art.com\/gaelle-cueff\/"]}]},{"@type":"BreadcrumbList","@id":"https:\/\/gaelle-cueff-art.com\/gaelle-cueff\/#breadcrumb","itemListElement":[{"@type":"ListItem","position":1,"name":"Home","item":"https:\/\/gaelle-cueff-art.com\/"},{"@type":"ListItem","position":2,"name":"Ga\u00eblle Cueff"}]},{"@type":"WebSite","@id":"https:\/\/gaelle-cueff-art.com\/#website","url":"https:\/\/gaelle-cueff-art.com\/","name":"Ga\u00eblle Cueff Art","description":"","potentialAction":[{"@type":"SearchAction","target":{"@type":"EntryPoint","urlTemplate":"https:\/\/gaelle-cueff-art.com\/?s={search_term_string}"},"query-input":{"@type":"PropertyValueSpecification","valueRequired":true,"valueName":"search_term_string"}}],"inLanguage":"en-US"}]}},"jetpack_sharing_enabled":true,"jetpack_shortlink":"https:\/\/wp.me\/P9YwYR-1Yk","jetpack-related-posts":[{"id":5361,"url":"https:\/\/gaelle-cueff-art.com\/en\/collages\/","url_meta":{"origin":7584,"position":0},"title":"Collages","author":"lesmotspourleweb","date":"01\/04\/2019","format":false,"excerpt":"","rel":"","context":"Similar post","block_context":{"text":"Similar post","link":""},"img":{"alt_text":"","src":"","width":0,"height":0},"classes":[]},{"id":5114,"url":"https:\/\/gaelle-cueff-art.com\/en\/shop\/","url_meta":{"origin":7584,"position":1},"title":"Shop","author":"Ga\u00eblle Cueff","date":"06\/02\/2019","format":false,"excerpt":"","rel":"","context":"Similar post","block_context":{"text":"Similar post","link":""},"img":{"alt_text":"","src":"","width":0,"height":0},"classes":[]},{"id":5115,"url":"https:\/\/gaelle-cueff-art.com\/en\/cart\/","url_meta":{"origin":7584,"position":2},"title":"Cart","author":"Ga\u00eblle Cueff","date":"06\/02\/2019","format":false,"excerpt":"","rel":"","context":"Similar post","block_context":{"text":"Similar post","link":""},"img":{"alt_text":"","src":"","width":0,"height":0},"classes":[]},{"id":5116,"url":"https:\/\/gaelle-cueff-art.com\/en\/checkout\/","url_meta":{"origin":7584,"position":3},"title":"Checkout","author":"Ga\u00eblle Cueff","date":"06\/02\/2019","format":false,"excerpt":"","rel":"","context":"Similar post","block_context":{"text":"Similar post","link":""},"img":{"alt_text":"","src":"","width":0,"height":0},"classes":[]},{"id":5519,"url":"https:\/\/gaelle-cueff-art.com\/en\/contact\/","url_meta":{"origin":7584,"position":4},"title":"Contact","author":"Ga\u00eblle Cueff","date":"22\/04\/2019","format":false,"excerpt":"","rel":"","context":"Similar post","block_context":{"text":"Similar post","link":""},"img":{"alt_text":"","src":"","width":0,"height":0},"classes":[]},{"id":710,"url":"https:\/\/gaelle-cueff-art.com\/710-2\/","url_meta":{"origin":7584,"position":5},"title":"Contact","author":"Ga\u00eblle Cueff","date":"03\/09\/2017","format":false,"excerpt":"","rel":"","context":"Similar post","block_context":{"text":"Similar post","link":""},"img":{"alt_text":"","src":"","width":0,"height":0},"classes":[]}],"_links":{"self":[{"href":"https:\/\/gaelle-cueff-art.com\/en\/wp-json\/wp\/v2\/pages\/7584","targetHints":{"allow":["GET"]}}],"collection":[{"href":"https:\/\/gaelle-cueff-art.com\/en\/wp-json\/wp\/v2\/pages"}],"about":[{"href":"https:\/\/gaelle-cueff-art.com\/en\/wp-json\/wp\/v2\/types\/page"}],"author":[{"embeddable":true,"href":"https:\/\/gaelle-cueff-art.com\/en\/wp-json\/wp\/v2\/users\/208"}],"replies":[{"embeddable":true,"href":"https:\/\/gaelle-cueff-art.com\/en\/wp-json\/wp\/v2\/comments?post=7584"}],"version-history":[{"count":23,"href":"https:\/\/gaelle-cueff-art.com\/en\/wp-json\/wp\/v2\/pages\/7584\/revisions"}],"predecessor-version":[{"id":17566,"href":"https:\/\/gaelle-cueff-art.com\/en\/wp-json\/wp\/v2\/pages\/7584\/revisions\/17566"}],"wp:attachment":[{"href":"https:\/\/gaelle-cueff-art.com\/en\/wp-json\/wp\/v2\/media?parent=7584"}],"curies":[{"name":"wp","href":"https:\/\/api.w.org\/{rel}","templated":true}]}}