{"id":6908,"date":"2020-10-23T12:06:11","date_gmt":"2020-10-23T12:06:11","guid":{"rendered":"https:\/\/gaelle-cueff-art.com\/?page_id=6908"},"modified":"2023-04-17T10:26:04","modified_gmt":"2023-04-17T08:26:04","slug":"memoire-des-autres","status":"publish","type":"page","link":"https:\/\/gaelle-cueff-art.com\/en\/memoire-des-autres\/","title":{"rendered":"M\u00e9moire des autres"},"content":{"rendered":"<p>[et_pb_section fb_built=&#8221;1&#8243; _builder_version=&#8221;4.16&#8243; global_colors_info=&#8221;{}&#8221;][et_pb_row column_structure=&#8221;1_3,2_3&#8243; _builder_version=&#8221;4.16&#8243; background_size=&#8221;initial&#8221; background_position=&#8221;top_left&#8221; background_repeat=&#8221;repeat&#8221; width=&#8221;100%&#8221; max_width=&#8221;2560px&#8221; global_colors_info=&#8221;{}&#8221;][et_pb_column type=&#8221;1_3&#8243; _builder_version=&#8221;4.16&#8243; custom_padding=&#8221;|||&#8221; global_colors_info=&#8221;{}&#8221; custom_padding__hover=&#8221;|||&#8221;][et_pb_text _builder_version=&#8221;4.16&#8243; custom_margin=&#8221;|||11px|false|false&#8221; global_colors_info=&#8221;{}&#8221;]<\/p>\n<h1>M\u00e9moire des autres<\/h1>\n<p><em>M\u00e9moire des autres<\/em>\u00a0est une s\u00e9rie commenc\u00e9e en 2019 qui, tout comme <em>Les M\u00e9caniques du corps<strong>,\u00a0<\/strong><\/em>utilise des ferrotypes (ces photographies sur m\u00e9tal qui marquent l\u2019essor de la photographie dans la seconde moiti\u00e9 du XIX<sup>e<\/sup> si\u00e8cle) scann\u00e9s, agrandis, repeints et enrichis d\u2019\u00e9l\u00e9ments de collages ou de dessin. Hi\u00e9ratiques dans leur pose au sein de l\u2019atelier du photographe, ces hommes et ces femmes se d\u00e9font de leur\u00a0 inexpressivit\u00e9 et entrent par effraction dans l\u2019univers myst\u00e9rieux, inqui\u00e9tant, baroque et ambivalent du conte, endossant les \u00e9l\u00e9ments d&#8217;une nouvelle histoire.<\/p>\n<p><strong style=\"font-size: 14px;\">Cliquer sur les vignettes pour les agrandir et obtenir des renseignements compl\u00e9mentaires sur chaque \u0153uvre.<\/strong><\/p>\n<p>Pour tout renseignement ou demande d&#8217;oeuvre sur commande \u00e0 partir d&#8217;une photographie de famille : <strong>gaelle.cueff@orange.fr<\/strong><\/p>\n<h1><\/h1>\n<p>[\/et_pb_text][\/et_pb_column][et_pb_column type=&#8221;2_3&#8243; _builder_version=&#8221;4.16&#8243; custom_padding=&#8221;|||&#8221; global_colors_info=&#8221;{}&#8221; custom_padding__hover=&#8221;|||&#8221;][et_pb_shop type=&#8221;product_category&#8221; posts_number=&#8221;100&#8243; include_categories=&#8221;70&#8243; columns_number=&#8221;3&#8243; orderby=&#8221;date-desc&#8221; _builder_version=&#8221;4.16&#8243; title_font_size=&#8221;15px&#8221; price_text_color=&#8221;#7a7a7a&#8221; custom_margin=&#8221;|11px||11px|false|false&#8221; global_colors_info=&#8221;{}&#8221;]&nbsp;<br \/>\n[\/et_pb_shop][\/et_pb_column][\/et_pb_row][\/et_pb_section]<\/p>\n","protected":false},"excerpt":{"rendered":"<p>M\u00e9moire des autres M\u00e9moire des autres\u00a0est une s\u00e9rie commenc\u00e9e en 2019 qui, tout comme Les M\u00e9caniques du corps,\u00a0utilise des ferrotypes (ces photographies sur m\u00e9tal qui marquent l\u2019essor de la photographie dans la seconde moiti\u00e9 du XIXe si\u00e8cle) scann\u00e9s, agrandis, repeints et enrichis d\u2019\u00e9l\u00e9ments de collages ou de dessin. Hi\u00e9ratiques dans leur pose au sein de [&hellip;]<\/p>\n","protected":false},"author":208,"featured_media":0,"parent":0,"menu_order":0,"comment_status":"closed","ping_status":"closed","template":"","meta":{"_et_pb_use_builder":"on","_et_pb_old_content":"","_et_gb_content_width":"","om_disable_all_campaigns":false,"_monsterinsights_skip_tracking":false,"_monsterinsights_sitenote_active":false,"_monsterinsights_sitenote_note":"","_monsterinsights_sitenote_category":0,"_uf_show_specific_survey":0,"_uf_disable_surveys":false,"jetpack_post_was_ever_published":false,"footnotes":""},"class_list":["post-6908","page","type-page","status-publish","hentry"],"aioseo_notices":[],"yoast_head":"<!-- This site is optimized with the Yoast SEO plugin v27.0 - https:\/\/yoast.com\/product\/yoast-seo-wordpress\/ -->\n<title>M\u00e9moire des autres - Ga\u00eblle Cueff Art<\/title>\n<meta name=\"robots\" content=\"index, follow, max-snippet:-1, max-image-preview:large, max-video-preview:-1\" \/>\n<link rel=\"canonical\" href=\"https:\/\/gaelle-cueff-art.com\/memoire-des-autres\/\" \/>\n<meta property=\"og:locale\" content=\"en_US\" \/>\n<meta property=\"og:type\" content=\"article\" \/>\n<meta property=\"og:title\" content=\"M\u00e9moire des autres - Ga\u00eblle Cueff Art\" \/>\n<meta property=\"og:description\" content=\"M\u00e9moire des autres M\u00e9moire des autres\u00a0est une s\u00e9rie commenc\u00e9e en 2019 qui, tout comme Les M\u00e9caniques du corps,\u00a0utilise des ferrotypes (ces photographies sur m\u00e9tal qui marquent l\u2019essor de la photographie dans la seconde moiti\u00e9 du XIXe si\u00e8cle) scann\u00e9s, agrandis, repeints et enrichis d\u2019\u00e9l\u00e9ments de collages ou de dessin. Hi\u00e9ratiques dans leur pose au sein de [&hellip;]\" \/>\n<meta property=\"og:url\" content=\"https:\/\/gaelle-cueff-art.com\/memoire-des-autres\/\" \/>\n<meta property=\"og:site_name\" content=\"Ga\u00eblle Cueff Art\" \/>\n<meta property=\"article:modified_time\" content=\"2023-04-17T08:26:04+00:00\" \/>\n<meta name=\"twitter:card\" content=\"summary_large_image\" \/>\n<meta name=\"twitter:label1\" content=\"Est. reading time\" \/>\n\t<meta name=\"twitter:data1\" content=\"1 minute\" \/>\n<script type=\"application\/ld+json\" class=\"yoast-schema-graph\">{\"@context\":\"https:\/\/schema.org\",\"@graph\":[{\"@type\":\"WebPage\",\"@id\":\"https:\/\/gaelle-cueff-art.com\/memoire-des-autres\/\",\"url\":\"https:\/\/gaelle-cueff-art.com\/memoire-des-autres\/\",\"name\":\"M\u00e9moire des autres - Ga\u00eblle Cueff Art\",\"isPartOf\":{\"@id\":\"https:\/\/gaelle-cueff-art.com\/#website\"},\"datePublished\":\"2020-10-23T12:06:11+00:00\",\"dateModified\":\"2023-04-17T08:26:04+00:00\",\"breadcrumb\":{\"@id\":\"https:\/\/gaelle-cueff-art.com\/memoire-des-autres\/#breadcrumb\"},\"inLanguage\":\"en-US\",\"potentialAction\":[{\"@type\":\"ReadAction\",\"target\":[\"https:\/\/gaelle-cueff-art.com\/memoire-des-autres\/\"]}]},{\"@type\":\"BreadcrumbList\",\"@id\":\"https:\/\/gaelle-cueff-art.com\/memoire-des-autres\/#breadcrumb\",\"itemListElement\":[{\"@type\":\"ListItem\",\"position\":1,\"name\":\"Home\",\"item\":\"https:\/\/gaelle-cueff-art.com\/\"},{\"@type\":\"ListItem\",\"position\":2,\"name\":\"M\u00e9moire des autres\"}]},{\"@type\":\"WebSite\",\"@id\":\"https:\/\/gaelle-cueff-art.com\/#website\",\"url\":\"https:\/\/gaelle-cueff-art.com\/\",\"name\":\"Ga\u00eblle Cueff Art\",\"description\":\"\",\"potentialAction\":[{\"@type\":\"SearchAction\",\"target\":{\"@type\":\"EntryPoint\",\"urlTemplate\":\"https:\/\/gaelle-cueff-art.com\/?s={search_term_string}\"},\"query-input\":{\"@type\":\"PropertyValueSpecification\",\"valueRequired\":true,\"valueName\":\"search_term_string\"}}],\"inLanguage\":\"en-US\"}]}<\/script>\n<!-- \/ Yoast SEO plugin. -->","yoast_head_json":{"title":"M\u00e9moire des autres - Ga\u00eblle Cueff Art","robots":{"index":"index","follow":"follow","max-snippet":"max-snippet:-1","max-image-preview":"max-image-preview:large","max-video-preview":"max-video-preview:-1"},"canonical":"https:\/\/gaelle-cueff-art.com\/memoire-des-autres\/","og_locale":"en_US","og_type":"article","og_title":"M\u00e9moire des autres - Ga\u00eblle Cueff Art","og_description":"M\u00e9moire des autres M\u00e9moire des autres\u00a0est une s\u00e9rie commenc\u00e9e en 2019 qui, tout comme Les M\u00e9caniques du corps,\u00a0utilise des ferrotypes (ces photographies sur m\u00e9tal qui marquent l\u2019essor de la photographie dans la seconde moiti\u00e9 du XIXe si\u00e8cle) scann\u00e9s, agrandis, repeints et enrichis d\u2019\u00e9l\u00e9ments de collages ou de dessin. Hi\u00e9ratiques dans leur pose au sein de [&hellip;]","og_url":"https:\/\/gaelle-cueff-art.com\/memoire-des-autres\/","og_site_name":"Ga\u00eblle Cueff Art","article_modified_time":"2023-04-17T08:26:04+00:00","twitter_card":"summary_large_image","twitter_misc":{"Est. reading time":"1 minute"},"schema":{"@context":"https:\/\/schema.org","@graph":[{"@type":"WebPage","@id":"https:\/\/gaelle-cueff-art.com\/memoire-des-autres\/","url":"https:\/\/gaelle-cueff-art.com\/memoire-des-autres\/","name":"M\u00e9moire des autres - Ga\u00eblle Cueff Art","isPartOf":{"@id":"https:\/\/gaelle-cueff-art.com\/#website"},"datePublished":"2020-10-23T12:06:11+00:00","dateModified":"2023-04-17T08:26:04+00:00","breadcrumb":{"@id":"https:\/\/gaelle-cueff-art.com\/memoire-des-autres\/#breadcrumb"},"inLanguage":"en-US","potentialAction":[{"@type":"ReadAction","target":["https:\/\/gaelle-cueff-art.com\/memoire-des-autres\/"]}]},{"@type":"BreadcrumbList","@id":"https:\/\/gaelle-cueff-art.com\/memoire-des-autres\/#breadcrumb","itemListElement":[{"@type":"ListItem","position":1,"name":"Home","item":"https:\/\/gaelle-cueff-art.com\/"},{"@type":"ListItem","position":2,"name":"M\u00e9moire des autres"}]},{"@type":"WebSite","@id":"https:\/\/gaelle-cueff-art.com\/#website","url":"https:\/\/gaelle-cueff-art.com\/","name":"Ga\u00eblle Cueff Art","description":"","potentialAction":[{"@type":"SearchAction","target":{"@type":"EntryPoint","urlTemplate":"https:\/\/gaelle-cueff-art.com\/?s={search_term_string}"},"query-input":{"@type":"PropertyValueSpecification","valueRequired":true,"valueName":"search_term_string"}}],"inLanguage":"en-US"}]}},"jetpack_sharing_enabled":true,"jetpack_shortlink":"https:\/\/wp.me\/P9YwYR-1Nq","jetpack-related-posts":[{"id":5361,"url":"https:\/\/gaelle-cueff-art.com\/en\/collages\/","url_meta":{"origin":6908,"position":0},"title":"Collages","author":"lesmotspourleweb","date":"01\/04\/2019","format":false,"excerpt":"","rel":"","context":"Similar post","block_context":{"text":"Similar post","link":""},"img":{"alt_text":"","src":"","width":0,"height":0},"classes":[]},{"id":7233,"url":"https:\/\/gaelle-cueff-art.com\/en\/les-mecaniques-du-corps\/","url_meta":{"origin":6908,"position":1},"title":"Les M\u00e9caniques du corps","author":"Ga\u00eblle Cueff","date":"25\/10\/2020","format":false,"excerpt":"","rel":"","context":"Similar post","block_context":{"text":"Similar post","link":""},"img":{"alt_text":"","src":"","width":0,"height":0},"classes":[]},{"id":7303,"url":"https:\/\/gaelle-cueff-art.com\/en\/boites-lumineuses\/","url_meta":{"origin":6908,"position":2},"title":"Bo\u00eetes lumineuses","author":"Ga\u00eblle Cueff","date":"25\/10\/2020","format":false,"excerpt":"","rel":"","context":"Similar post","block_context":{"text":"Similar post","link":""},"img":{"alt_text":"","src":"","width":0,"height":0},"classes":[]},{"id":7584,"url":"https:\/\/gaelle-cueff-art.com\/en\/gaelle-cueff\/","url_meta":{"origin":6908,"position":3},"title":"Ga\u00eblle Cueff","author":"Ga\u00eblle Cueff","date":"03\/11\/2020","format":false,"excerpt":"","rel":"","context":"Similar post","block_context":{"text":"Similar post","link":""},"img":{"alt_text":"","src":"","width":0,"height":0},"classes":[]},{"id":11798,"url":"https:\/\/gaelle-cueff-art.com\/en\/osculptes-menu\/placuna-placenta\/","url_meta":{"origin":6908,"position":4},"title":"Placuna placenta","author":"Ga\u00eblle Cueff","date":"27\/05\/2024","format":false,"excerpt":"","rel":"","context":"Similar post","block_context":{"text":"Similar post","link":""},"img":{"alt_text":"","src":"","width":0,"height":0},"classes":[]},{"id":7378,"url":"https:\/\/gaelle-cueff-art.com\/en\/","url_meta":{"origin":6908,"position":5},"title":"page d&#8217;accueil","author":"Ga\u00eblle Cueff","date":"28\/10\/2020","format":false,"excerpt":"","rel":"","context":"Similar post","block_context":{"text":"Similar post","link":""},"img":{"alt_text":"","src":"","width":0,"height":0},"classes":[]}],"_links":{"self":[{"href":"https:\/\/gaelle-cueff-art.com\/en\/wp-json\/wp\/v2\/pages\/6908","targetHints":{"allow":["GET"]}}],"collection":[{"href":"https:\/\/gaelle-cueff-art.com\/en\/wp-json\/wp\/v2\/pages"}],"about":[{"href":"https:\/\/gaelle-cueff-art.com\/en\/wp-json\/wp\/v2\/types\/page"}],"author":[{"embeddable":true,"href":"https:\/\/gaelle-cueff-art.com\/en\/wp-json\/wp\/v2\/users\/208"}],"replies":[{"embeddable":true,"href":"https:\/\/gaelle-cueff-art.com\/en\/wp-json\/wp\/v2\/comments?post=6908"}],"version-history":[{"count":7,"href":"https:\/\/gaelle-cueff-art.com\/en\/wp-json\/wp\/v2\/pages\/6908\/revisions"}],"predecessor-version":[{"id":10920,"href":"https:\/\/gaelle-cueff-art.com\/en\/wp-json\/wp\/v2\/pages\/6908\/revisions\/10920"}],"wp:attachment":[{"href":"https:\/\/gaelle-cueff-art.com\/en\/wp-json\/wp\/v2\/media?parent=6908"}],"curies":[{"name":"wp","href":"https:\/\/api.w.org\/{rel}","templated":true}]}}