{"id":10375,"date":"2023-01-07T16:20:01","date_gmt":"2023-01-07T14:20:01","guid":{"rendered":"https:\/\/gaelle-cueff-art.com\/?page_id=10375"},"modified":"2024-05-27T10:49:25","modified_gmt":"2024-05-27T08:49:25","slug":"les-ephemerides","status":"publish","type":"page","link":"https:\/\/gaelle-cueff-art.com\/en\/collages-menu-2\/les-ephemerides\/","title":{"rendered":"Les \u00c9ph\u00e9m\u00e9rides"},"content":{"rendered":"<p>[et_pb_section fb_built=&#8221;1&#8243; _builder_version=&#8221;4.16&#8243; global_colors_info=&#8221;{}&#8221;][et_pb_row column_structure=&#8221;1_3,2_3&#8243; _builder_version=&#8221;4.16&#8243; background_size=&#8221;initial&#8221; background_position=&#8221;top_left&#8221; background_repeat=&#8221;repeat&#8221; width=&#8221;100%&#8221; max_width=&#8221;2560px&#8221; global_colors_info=&#8221;{}&#8221;][et_pb_column type=&#8221;1_3&#8243; _builder_version=&#8221;4.16&#8243; custom_padding=&#8221;|||&#8221; global_colors_info=&#8221;{}&#8221; custom_padding__hover=&#8221;|||&#8221;][et_pb_text _builder_version=&#8221;4.25.0&#8243; custom_margin=&#8221;|||11px|false|false&#8221; hover_enabled=&#8221;0&#8243; global_colors_info=&#8221;{}&#8221; sticky_enabled=&#8221;0&#8243;]<\/p>\n<h1><strong>Les \u00c9ph\u00e9m\u00e9rides<\/strong><\/h1>\n<p>Cette s\u00e9rie sur l\u2019\u00e9bauche du souvenir et la m\u00e9moire \u00e9ph\u00e9m\u00e8re commenc\u00e9e en 2022 prolonge un travail sur la transparence, le recouvrement et la repr\u00e9sentation sensorielle abord\u00e9s dans d\u2019autres s\u00e9ries (notamment \u00ab Les Vibrations de la for\u00eat \u00bb et \u00ab Les Vibrations de la vigne \u00bb). Des prises de vue successives, depuis une fen\u00eatre trouvillaise d\u2019o\u00f9 je vois passer des inconnus sur la plage, sont s\u00e9diment\u00e9es en couches aux transparences variables \u00e9voquant la transformation en presque souvenirs de ces vies dont j\u2019ignore tout et que pourtant j\u2019imagine, dont la simple pr\u00e9sence cr\u00e9e une relation et modifie imperceptiblement ma m\u00e9moire et ma pr\u00e9sence au monde. Tel le chat du Cheshire, certaines de ces silhouettes sont plus persistantes, jusqu\u2019\u00e0 laisser en moi une impression plus ou moins t\u00e9nue, un geste, une d\u00e9marche, la couleur d\u2019un v\u00eatement, le son assourdi d\u2019une voix imprimant leur marque. Exp\u00e9rience sensorielle autant que c\u00e9r\u00e9brale, cette travers\u00e9e du temps et de la lumi\u00e8re poss\u00e8de la douceur et la libert\u00e9 des vies imagin\u00e9es et, tout en le figeant, laisse \u00e0 l\u2019instant son \u00e9vanescence.<\/p>\n<p>Le terme d&#8217;\u00e9ph\u00e9m\u00e9rides rappelle phon\u00e9tiquement la fugacit\u00e9 de ces instants mais il \u00e9voque \u00e9galement, en \u00e9cho \u00e0 la d\u00e9finition du mot lui-m\u00eame, le recours \u00e0 la superposition (les \u00e9ph\u00e9m\u00e9rides \u00e9tant en tant que journal compos\u00e9es de plusieurs feuilles), l\u2019\u00e9vocation du passage du temps puisqu\u2019il s\u2019agit d\u2019un calendrier, et l\u2019univers maritime, puisque les \u00e9ph\u00e9m\u00e9rides sont utilis\u00e9es par les astronomes, les astrologues et les marins.<\/p>\n<p>Chaque oeuvre des &#8220;\u00c9ph\u00e9m\u00e9rides&#8221; est \u00e9dit\u00e9e \u00e0 12 exemplaires tous supports et tous formats confondus (+ 2EA).<\/p>\n<p><strong>Cliquer sur les vignettes pour les agrandir et obtenir des renseignements compl\u00e9mentaires sur chaque \u0153uvre.<\/strong><\/p>\n<p>Pour tout renseignement : <strong>gaelle.cueff@orange.fr<\/strong><\/p>\n<h1><\/h1>\n<p>[\/et_pb_text][\/et_pb_column][et_pb_column type=&#8221;2_3&#8243; _builder_version=&#8221;4.16&#8243; custom_padding=&#8221;|||&#8221; global_colors_info=&#8221;{}&#8221; custom_padding__hover=&#8221;|||&#8221;][et_pb_shop type=&#8221;product_category&#8221; posts_number=&#8221;100&#8243; include_categories=&#8221;109&#8243; columns_number=&#8221;3&#8243; orderby=&#8221;date-desc&#8221; _builder_version=&#8221;4.19.1&#8243; title_font_size=&#8221;15px&#8221; price_text_color=&#8221;#7a7a7a&#8221; custom_margin=&#8221;|11px||11px|false|false&#8221; global_colors_info=&#8221;{}&#8221;]&nbsp;<br \/>\n[\/et_pb_shop][\/et_pb_column][\/et_pb_row][\/et_pb_section]<\/p>\n","protected":false},"excerpt":{"rendered":"<p>Les \u00c9ph\u00e9m\u00e9rides Cette s\u00e9rie sur l\u2019\u00e9bauche du souvenir et la m\u00e9moire \u00e9ph\u00e9m\u00e8re commenc\u00e9e en 2022 prolonge un travail sur la transparence, le recouvrement et la repr\u00e9sentation sensorielle abord\u00e9s dans d\u2019autres s\u00e9ries (notamment \u00ab Les Vibrations de la for\u00eat \u00bb et \u00ab Les Vibrations de la vigne \u00bb). Des prises de vue successives, depuis une fen\u00eatre [&hellip;]<\/p>\n","protected":false},"author":208,"featured_media":0,"parent":7327,"menu_order":0,"comment_status":"closed","ping_status":"closed","template":"","meta":{"_et_pb_use_builder":"on","_et_pb_old_content":"","_et_gb_content_width":"","om_disable_all_campaigns":false,"_monsterinsights_skip_tracking":false,"_monsterinsights_sitenote_active":false,"_monsterinsights_sitenote_note":"","_monsterinsights_sitenote_category":0,"_uf_show_specific_survey":0,"_uf_disable_surveys":false,"jetpack_post_was_ever_published":false,"footnotes":""},"class_list":["post-10375","page","type-page","status-publish","hentry"],"aioseo_notices":[],"yoast_head":"<!-- This site is optimized with the Yoast SEO plugin v27.0 - https:\/\/yoast.com\/product\/yoast-seo-wordpress\/ -->\n<title>Les \u00c9ph\u00e9m\u00e9rides - Ga\u00eblle Cueff Art<\/title>\n<meta name=\"robots\" content=\"index, follow, max-snippet:-1, max-image-preview:large, max-video-preview:-1\" \/>\n<link rel=\"canonical\" href=\"https:\/\/gaelle-cueff-art.com\/collages-menu-2\/les-ephemerides\/\" \/>\n<meta property=\"og:locale\" content=\"en_US\" \/>\n<meta property=\"og:type\" content=\"article\" \/>\n<meta property=\"og:title\" content=\"Les \u00c9ph\u00e9m\u00e9rides - Ga\u00eblle Cueff Art\" \/>\n<meta property=\"og:description\" content=\"Les \u00c9ph\u00e9m\u00e9rides Cette s\u00e9rie sur l\u2019\u00e9bauche du souvenir et la m\u00e9moire \u00e9ph\u00e9m\u00e8re commenc\u00e9e en 2022 prolonge un travail sur la transparence, le recouvrement et la repr\u00e9sentation sensorielle abord\u00e9s dans d\u2019autres s\u00e9ries (notamment \u00ab Les Vibrations de la for\u00eat \u00bb et \u00ab Les Vibrations de la vigne \u00bb). Des prises de vue successives, depuis une fen\u00eatre [&hellip;]\" \/>\n<meta property=\"og:url\" content=\"https:\/\/gaelle-cueff-art.com\/collages-menu-2\/les-ephemerides\/\" \/>\n<meta property=\"og:site_name\" content=\"Ga\u00eblle Cueff Art\" \/>\n<meta property=\"article:modified_time\" content=\"2024-05-27T08:49:25+00:00\" \/>\n<meta name=\"twitter:card\" content=\"summary_large_image\" \/>\n<meta name=\"twitter:label1\" content=\"Est. reading time\" \/>\n\t<meta name=\"twitter:data1\" content=\"2 minutes\" \/>\n<script type=\"application\/ld+json\" class=\"yoast-schema-graph\">{\"@context\":\"https:\/\/schema.org\",\"@graph\":[{\"@type\":\"WebPage\",\"@id\":\"https:\/\/gaelle-cueff-art.com\/collages-menu-2\/les-ephemerides\/\",\"url\":\"https:\/\/gaelle-cueff-art.com\/collages-menu-2\/les-ephemerides\/\",\"name\":\"Les \u00c9ph\u00e9m\u00e9rides - Ga\u00eblle Cueff Art\",\"isPartOf\":{\"@id\":\"https:\/\/gaelle-cueff-art.com\/#website\"},\"datePublished\":\"2023-01-07T14:20:01+00:00\",\"dateModified\":\"2024-05-27T08:49:25+00:00\",\"breadcrumb\":{\"@id\":\"https:\/\/gaelle-cueff-art.com\/collages-menu-2\/les-ephemerides\/#breadcrumb\"},\"inLanguage\":\"en-US\",\"potentialAction\":[{\"@type\":\"ReadAction\",\"target\":[\"https:\/\/gaelle-cueff-art.com\/collages-menu-2\/les-ephemerides\/\"]}]},{\"@type\":\"BreadcrumbList\",\"@id\":\"https:\/\/gaelle-cueff-art.com\/collages-menu-2\/les-ephemerides\/#breadcrumb\",\"itemListElement\":[{\"@type\":\"ListItem\",\"position\":1,\"name\":\"Home\",\"item\":\"https:\/\/gaelle-cueff-art.com\/\"},{\"@type\":\"ListItem\",\"position\":2,\"name\":\"Collages\",\"item\":\"https:\/\/gaelle-cueff-art.com\/collages-menu-2\/\"},{\"@type\":\"ListItem\",\"position\":3,\"name\":\"Les \u00c9ph\u00e9m\u00e9rides\"}]},{\"@type\":\"WebSite\",\"@id\":\"https:\/\/gaelle-cueff-art.com\/#website\",\"url\":\"https:\/\/gaelle-cueff-art.com\/\",\"name\":\"Ga\u00eblle Cueff Art\",\"description\":\"\",\"potentialAction\":[{\"@type\":\"SearchAction\",\"target\":{\"@type\":\"EntryPoint\",\"urlTemplate\":\"https:\/\/gaelle-cueff-art.com\/?s={search_term_string}\"},\"query-input\":{\"@type\":\"PropertyValueSpecification\",\"valueRequired\":true,\"valueName\":\"search_term_string\"}}],\"inLanguage\":\"en-US\"}]}<\/script>\n<!-- \/ Yoast SEO plugin. -->","yoast_head_json":{"title":"Les \u00c9ph\u00e9m\u00e9rides - Ga\u00eblle Cueff Art","robots":{"index":"index","follow":"follow","max-snippet":"max-snippet:-1","max-image-preview":"max-image-preview:large","max-video-preview":"max-video-preview:-1"},"canonical":"https:\/\/gaelle-cueff-art.com\/collages-menu-2\/les-ephemerides\/","og_locale":"en_US","og_type":"article","og_title":"Les \u00c9ph\u00e9m\u00e9rides - Ga\u00eblle Cueff Art","og_description":"Les \u00c9ph\u00e9m\u00e9rides Cette s\u00e9rie sur l\u2019\u00e9bauche du souvenir et la m\u00e9moire \u00e9ph\u00e9m\u00e8re commenc\u00e9e en 2022 prolonge un travail sur la transparence, le recouvrement et la repr\u00e9sentation sensorielle abord\u00e9s dans d\u2019autres s\u00e9ries (notamment \u00ab Les Vibrations de la for\u00eat \u00bb et \u00ab Les Vibrations de la vigne \u00bb). Des prises de vue successives, depuis une fen\u00eatre [&hellip;]","og_url":"https:\/\/gaelle-cueff-art.com\/collages-menu-2\/les-ephemerides\/","og_site_name":"Ga\u00eblle Cueff Art","article_modified_time":"2024-05-27T08:49:25+00:00","twitter_card":"summary_large_image","twitter_misc":{"Est. reading time":"2 minutes"},"schema":{"@context":"https:\/\/schema.org","@graph":[{"@type":"WebPage","@id":"https:\/\/gaelle-cueff-art.com\/collages-menu-2\/les-ephemerides\/","url":"https:\/\/gaelle-cueff-art.com\/collages-menu-2\/les-ephemerides\/","name":"Les \u00c9ph\u00e9m\u00e9rides - Ga\u00eblle Cueff Art","isPartOf":{"@id":"https:\/\/gaelle-cueff-art.com\/#website"},"datePublished":"2023-01-07T14:20:01+00:00","dateModified":"2024-05-27T08:49:25+00:00","breadcrumb":{"@id":"https:\/\/gaelle-cueff-art.com\/collages-menu-2\/les-ephemerides\/#breadcrumb"},"inLanguage":"en-US","potentialAction":[{"@type":"ReadAction","target":["https:\/\/gaelle-cueff-art.com\/collages-menu-2\/les-ephemerides\/"]}]},{"@type":"BreadcrumbList","@id":"https:\/\/gaelle-cueff-art.com\/collages-menu-2\/les-ephemerides\/#breadcrumb","itemListElement":[{"@type":"ListItem","position":1,"name":"Home","item":"https:\/\/gaelle-cueff-art.com\/"},{"@type":"ListItem","position":2,"name":"Collages","item":"https:\/\/gaelle-cueff-art.com\/collages-menu-2\/"},{"@type":"ListItem","position":3,"name":"Les \u00c9ph\u00e9m\u00e9rides"}]},{"@type":"WebSite","@id":"https:\/\/gaelle-cueff-art.com\/#website","url":"https:\/\/gaelle-cueff-art.com\/","name":"Ga\u00eblle Cueff Art","description":"","potentialAction":[{"@type":"SearchAction","target":{"@type":"EntryPoint","urlTemplate":"https:\/\/gaelle-cueff-art.com\/?s={search_term_string}"},"query-input":{"@type":"PropertyValueSpecification","valueRequired":true,"valueName":"search_term_string"}}],"inLanguage":"en-US"}]}},"jetpack_sharing_enabled":true,"jetpack_shortlink":"https:\/\/wp.me\/P9YwYR-2Hl","jetpack-related-posts":[{"id":5361,"url":"https:\/\/gaelle-cueff-art.com\/en\/collages\/","url_meta":{"origin":10375,"position":0},"title":"Collages","author":"lesmotspourleweb","date":"01\/04\/2019","format":false,"excerpt":"","rel":"","context":"Similar post","block_context":{"text":"Similar post","link":""},"img":{"alt_text":"","src":"","width":0,"height":0},"classes":[]},{"id":10371,"url":"https:\/\/gaelle-cueff-art.com\/en\/photographies\/","url_meta":{"origin":10375,"position":1},"title":"Photographies","author":"Ga\u00eblle Cueff","date":"07\/01\/2023","format":false,"excerpt":"","rel":"","context":"Similar post","block_context":{"text":"Similar post","link":""},"img":{"alt_text":"","src":"","width":0,"height":0},"classes":[]},{"id":9933,"url":"https:\/\/gaelle-cueff-art.com\/en\/photos-peintes\/les-vibrations-de-la-vigne\/","url_meta":{"origin":10375,"position":2},"title":"Les Vibrations de la vigne","author":"Ga\u00eblle Cueff","date":"21\/06\/2022","format":false,"excerpt":"","rel":"","context":"Similar post","block_context":{"text":"Similar post","link":""},"img":{"alt_text":"","src":"","width":0,"height":0},"classes":[]},{"id":7378,"url":"https:\/\/gaelle-cueff-art.com\/en\/","url_meta":{"origin":10375,"position":3},"title":"page d&#8217;accueil","author":"Ga\u00eblle Cueff","date":"28\/10\/2020","format":false,"excerpt":"","rel":"","context":"Similar post","block_context":{"text":"Similar post","link":""},"img":{"alt_text":"","src":"","width":0,"height":0},"classes":[]},{"id":7227,"url":"https:\/\/gaelle-cueff-art.com\/en\/les-vibrations-de-la-foret\/","url_meta":{"origin":10375,"position":4},"title":"Les Vibrations de la for\u00eat","author":"Ga\u00eblle Cueff","date":"25\/10\/2020","format":false,"excerpt":"","rel":"","context":"Similar post","block_context":{"text":"Similar post","link":""},"img":{"alt_text":"","src":"","width":0,"height":0},"classes":[]},{"id":7332,"url":"https:\/\/gaelle-cueff-art.com\/en\/photos-peintes\/","url_meta":{"origin":10375,"position":5},"title":"Photos peintes","author":"Ga\u00eblle Cueff","date":"25\/10\/2020","format":false,"excerpt":"","rel":"","context":"Similar post","block_context":{"text":"Similar post","link":""},"img":{"alt_text":"","src":"","width":0,"height":0},"classes":[]}],"_links":{"self":[{"href":"https:\/\/gaelle-cueff-art.com\/en\/wp-json\/wp\/v2\/pages\/10375","targetHints":{"allow":["GET"]}}],"collection":[{"href":"https:\/\/gaelle-cueff-art.com\/en\/wp-json\/wp\/v2\/pages"}],"about":[{"href":"https:\/\/gaelle-cueff-art.com\/en\/wp-json\/wp\/v2\/types\/page"}],"author":[{"embeddable":true,"href":"https:\/\/gaelle-cueff-art.com\/en\/wp-json\/wp\/v2\/users\/208"}],"replies":[{"embeddable":true,"href":"https:\/\/gaelle-cueff-art.com\/en\/wp-json\/wp\/v2\/comments?post=10375"}],"version-history":[{"count":11,"href":"https:\/\/gaelle-cueff-art.com\/en\/wp-json\/wp\/v2\/pages\/10375\/revisions"}],"predecessor-version":[{"id":11816,"href":"https:\/\/gaelle-cueff-art.com\/en\/wp-json\/wp\/v2\/pages\/10375\/revisions\/11816"}],"up":[{"embeddable":true,"href":"https:\/\/gaelle-cueff-art.com\/en\/wp-json\/wp\/v2\/pages\/7327"}],"wp:attachment":[{"href":"https:\/\/gaelle-cueff-art.com\/en\/wp-json\/wp\/v2\/media?parent=10375"}],"curies":[{"name":"wp","href":"https:\/\/api.w.org\/{rel}","templated":true}]}}